{"id":531,"date":"2018-05-18T17:44:24","date_gmt":"2018-05-18T17:44:24","guid":{"rendered":"https:\/\/puglieseadvogados.com.br\/site\/?page_id=531"},"modified":"2023-11-24T17:37:08","modified_gmt":"2023-11-24T17:37:08","slug":"livros-juridicos","status":"publish","type":"page","link":"https:\/\/puglieseadvogados.com.br\/site\/livros-juridicos\/","title":{"rendered":"Livros Jur\u00eddicos"},"content":{"rendered":"<section class=\"wpb-content-wrapper\"><p>[vc_row][vc_column][vc_column_text]<\/p>\n<h2>Revista dos Tribunais &#8211; Volume 713<\/h2>\n<p style=\"text-align: justify;\"><img loading=\"lazy\" class=\"alignleft size-full wp-image-1067\" src=\"https:\/\/puglieseadvogados.com.br\/site\/wp-content\/uploads\/2023\/11\/713.jpg\" alt=\"\" width=\"200\" height=\"300\" \/>No Volume 713 da tradicional Revista dos Tribunais, Roberto J. Pugliese publicou \u201c A Constitui\u00e7\u00e3o, a advocacia e o advogado\u201d estudo jur\u00eddico que resultou em festejado subs\u00eddio doutrin\u00e1rio, interpretando a legisla\u00e7\u00e3o pertinente em face da Magna Lei.<\/p>\n<p>[\/vc_column_text][\/vc_column][\/vc_row][vc_row][vc_column][vc_separator css=&#8221;.vc_custom_1700587405822{margin-top: 0px !important;margin-bottom: 0px !important;border-top-width: 0px !important;border-bottom-width: 0px !important;padding-top: 20px !important;padding-bottom: 20px !important;}&#8221;][\/vc_column][\/vc_row][vc_row][vc_column][vc_column_text]<\/p>\n<h2>Revista de Direito Civil &#8211; Volume 74<\/h2>\n<p style=\"text-align: justify;\"><img loading=\"lazy\" class=\"alignleft size-full wp-image-1069\" src=\"https:\/\/puglieseadvogados.com.br\/site\/wp-content\/uploads\/2023\/11\/revista74.jpg\" alt=\"\" width=\"200\" height=\"300\" \/>No Volume 74 da Revista de Direito Civil, \u00f3rg\u00e3o oficial j\u00e1 tradicional como reposit\u00f3rio de jurisprud\u00eancia no Supremo Tribunal Federal e Superior Tribunal de Justi\u00e7a, Roberto J. Pugliese desenvolveu doutrina a respeito da Assistencia Jur\u00eddica Integral. Com abordagem ampla sobre o tema, mesmo com o passar dos anos, trata-se de subs\u00eddio repetidamente adotado nas lides que envolvem a situa\u00e7\u00e3o exposta<\/p>\n<p>[\/vc_column_text][\/vc_column][\/vc_row][vc_row][vc_column][vc_separator css=&#8221;.vc_custom_1700587405822{margin-top: 0px !important;margin-bottom: 0px !important;border-top-width: 0px !important;border-bottom-width: 0px !important;padding-top: 20px !important;padding-bottom: 20px !important;}&#8221;][\/vc_column][\/vc_row][vc_row][vc_column][vc_column_text]<\/p>\n<h2>Revista dos Tribunais &#8211; Edi\u00e7\u00e3o 733<\/h2>\n<p style=\"text-align: justify;\"><img loading=\"lazy\" class=\"alignleft size-full wp-image-1071\" src=\"https:\/\/puglieseadvogados.com.br\/site\/wp-content\/uploads\/2023\/11\/733.jpg\" alt=\"\" width=\"200\" height=\"300\" \/>Abordando mat\u00e9rias jur\u00eddicas do novo direito imobili\u00e1rio brasileiro, em 1996, publicou na edi\u00e7\u00e3o n\u00ba 733 da tradicional Revista dos Tribunais, doutrina abordando time sharing entre outros institutos jur\u00eddicos. Muito aplaudido Roberto J. Pugliese desenvolveu estudo minucioso abordando o moderno direito de propriedade imobili\u00e1ria.<\/p>\n<p>[\/vc_column_text][\/vc_column][\/vc_row][vc_row][vc_column][vc_separator css=&#8221;.vc_custom_1700587405822{margin-top: 0px !important;margin-bottom: 0px !important;border-top-width: 0px !important;border-bottom-width: 0px !important;padding-top: 20px !important;padding-bottom: 20px !important;}&#8221;][\/vc_column][\/vc_row][vc_row][vc_column][vc_column_text]<\/p>\n<h2>A import\u00e2ncia do Advogado para o Direito e para a Justi\u00e7a<\/h2>\n<p><img loading=\"lazy\" class=\"size-full wp-image-454 alignleft\" src=\"https:\/\/puglieseadvogados.com.br\/site\/wp-content\/uploads\/2018\/05\/a-importancia-do-advogado.jpg\" alt=\"\" width=\"200\" height=\"200\" srcset=\"https:\/\/puglieseadvogados.com.br\/site\/wp-content\/uploads\/2018\/05\/a-importancia-do-advogado.jpg 200w, https:\/\/puglieseadvogados.com.br\/site\/wp-content\/uploads\/2018\/05\/a-importancia-do-advogado-150x150.jpg 150w, https:\/\/puglieseadvogados.com.br\/site\/wp-content\/uploads\/2018\/05\/a-importancia-do-advogado-100x100.jpg 100w\" sizes=\"(max-width: 200px) 100vw, 200px\" \/><\/p>\n<p>Trata-se de obra coletiva que Roberto J. Pugliese foi convidado participar juntamente com outros autores de diversos pontos do pa\u00eds.<br \/>\nAtraves de suas linhas escreveu dois textos referentes ao exerc\u00edcio da advocacia. Escreveu um artigo \u00e0 respeito da Assitencia Juridica Integral, exercida por advogados an\u00f4nimos, onde se reporta a miss\u00e3o desses profissionais em promover o resgate da hipoteca social. Atender os pobres e miseraveis em defesa de seus direitos nem sempre \u00e9 patrocinado pelo Poder P\u00fablico, restando ao advogado e a escrit\u00f3rios de advocacia o munus em favor do direito a ampla defesa e da vigencia do estado democr\u00e1tico.<br \/>\nO outro artigo se refere a interpreta\u00e7\u00e3o do texto constitucional que de modo cogente, de ordem p\u00fablica, imp\u00f5e que o advogado \u00e9 indispens\u00e1vel \u00e0 administra\u00e7\u00e3o da justi\u00e7a. Esclarece que justi\u00e7a, grafado com letra min\u00fascula, se distingui claramente de Justi\u00e7a, cujo sentido \u00e9 o Poder Judici\u00e1rio.<br \/>\nEnfim, nessa obra de peso escrita por diversos profissionais, Roberto J. Pugliese colocou no papel dois aspectos relevantes da profiss\u00e3o que exerce, mostrando de modo did\u00e1tico a relev\u00e2ncia do exerc\u00edcio indispens\u00e1vel da profiss\u00e3o como sustenta\u00e7\u00e3o da democracia e do estado de direito.[\/vc_column_text][\/vc_column][\/vc_row][vc_row][vc_column][vc_separator css=&#8221;.vc_custom_1700587405822{margin-top: 0px !important;margin-bottom: 0px !important;border-top-width: 0px !important;border-bottom-width: 0px !important;padding-top: 20px !important;padding-bottom: 20px !important;}&#8221;][\/vc_column][\/vc_row][vc_row][vc_column][vc_column_text]<\/p>\n<h2>Direito Notarial Brasileiro<\/h2>\n<p><img loading=\"lazy\" class=\"size-full wp-image-231 alignleft\" src=\"https:\/\/puglieseadvogados.com.br\/site\/wp-content\/uploads\/2018\/05\/DIRETITO-NOTARIAL-BRASILEIRO.jpg\" alt=\"\" width=\"200\" height=\"304\" srcset=\"https:\/\/puglieseadvogados.com.br\/site\/wp-content\/uploads\/2018\/05\/DIRETITO-NOTARIAL-BRASILEIRO.jpg 200w, https:\/\/puglieseadvogados.com.br\/site\/wp-content\/uploads\/2018\/05\/DIRETITO-NOTARIAL-BRASILEIRO-197x300.jpg 197w\" sizes=\"(max-width: 200px) 100vw, 200px\" \/><\/p>\n<p style=\"text-align: justify;\">Trata-se do primeiro trabalho doutrin\u00e1rio escrito e publicado no Brasil voltado para a doutrina notarial, especialmente o notariado do tipo latino existente no pa\u00eds.<\/p>\n<p style=\"text-align: justify;\">Precursor que foi na publica\u00e7\u00e3o desse estudo, seguiram-se ao longo dos anos outras obras, mais atualizadas e completas, em que \u00e9 percept\u00edvel sempre referencias ao estudo formulado por Roberto J. Pugliese<\/p>\n<p style=\"text-align: justify;\">Para os estudiosos do direito notarial a leitura dessa obra, bem sintetizada e apertada \u00e9 de grande import\u00e2ncia, pois fundamenta de forma clara o instituto tradicional e atualmente bem prestigiado no ordenamento jur\u00eddico brasileiro.<\/p>\n<p>[\/vc_column_text][\/vc_column][\/vc_row][vc_row][vc_column][vc_separator css=&#8221;.vc_custom_1700587405822{margin-top: 0px !important;margin-bottom: 0px !important;border-top-width: 0px !important;border-bottom-width: 0px !important;padding-top: 20px !important;padding-bottom: 20px !important;}&#8221;][\/vc_column][\/vc_row][vc_row][vc_column][vc_column_text]<\/p>\n<h2>Direito Notarial e Registros P\u00fablicos sob a perspectiva da advocacia<\/h2>\n<p><img loading=\"lazy\" class=\"size-full wp-image-246 alignleft\" src=\"https:\/\/puglieseadvogados.com.br\/site\/wp-content\/uploads\/2018\/05\/direito-notarial-e-ser-publicas.jpg\" alt=\"\" width=\"200\" height=\"300\" \/><\/p>\n<p style=\"text-align: justify;\"><img loading=\"lazy\" class=\"alignleft size-medium wp-image-922\" src=\"https:\/\/puglieseadvogados.com.br\/site\/wp-content\/uploads\/2018\/06\/DIR-NOT-REG-PUBL-V2-200x300-200x300.jpg\" alt=\"\" width=\"200\" height=\"300\" \/>Editado pela Letras Jur\u00eddicas, trata-se de trabalho coletivo elaborado por integrantes da Comiss\u00e3o de Direito Notarial e Registros P\u00fablicos do Conselho Seccional da Ordem dos Advogados do Brasil de Santa Catarina que o professor Roberto J. Pugliese preside, atualmente na sua segunda gest\u00e3o.<\/p>\n<p style=\"text-align: justify;\">S\u00e3o diversos artigos voltados para o tema e que atualizados merecem a aten\u00e7\u00e3o e leitura daqueles que por qualquer motivo se valem dos servi\u00e7os prestados pelos cart\u00f3rios de notas e de registros.<\/p>\n<p>[\/vc_column_text][\/vc_column][\/vc_row][vc_row][vc_column][vc_separator css=&#8221;.vc_custom_1700587405822{margin-top: 0px !important;margin-bottom: 0px !important;border-top-width: 0px !important;border-bottom-width: 0px !important;padding-top: 20px !important;padding-bottom: 20px !important;}&#8221;][\/vc_column][\/vc_row][vc_row][vc_column][vc_column_text]<\/p>\n<h2>Terrenos de Marinha e Seus Acrescidos<\/h2>\n<p><img loading=\"lazy\" class=\"size-full wp-image-241 alignleft\" src=\"https:\/\/puglieseadvogados.com.br\/site\/wp-content\/uploads\/2018\/05\/terrenos-de-marinha-e-seus-acrescidos_200.jpg\" alt=\"\" width=\"200\" height=\"200\" srcset=\"https:\/\/puglieseadvogados.com.br\/site\/wp-content\/uploads\/2018\/05\/terrenos-de-marinha-e-seus-acrescidos_200.jpg 200w, https:\/\/puglieseadvogados.com.br\/site\/wp-content\/uploads\/2018\/05\/terrenos-de-marinha-e-seus-acrescidos_200-150x150.jpg 150w, https:\/\/puglieseadvogados.com.br\/site\/wp-content\/uploads\/2018\/05\/terrenos-de-marinha-e-seus-acrescidos_200-100x100.jpg 100w\" sizes=\"(max-width: 200px) 100vw, 200px\" \/><\/p>\n<p style=\"text-align: justify;\">Livro elaborado em conjunto com Lia Mello, sua aluna, que colaborou de modo \u00edmpar na pesquisa e busca de conhecimento para registro e divulga\u00e7\u00e3o.<\/p>\n<p style=\"text-align: justify;\">Trata-se da mais atualizada e completa obra voltada para esse segmento jur\u00eddico que tanto aborrece e traz preocupa\u00e7\u00f5es a brasileiros com im\u00f3veis situados nas orlas ribeirinhas, lacustres e atl\u00e2ntica.<\/p>\n<p style=\"text-align: justify;\">Editado pelas Letras Jur\u00eddicas o autor se debru\u00e7ou em estudos e no conhecimento adquirido pela pr\u00e1tica do seu dia a dia no exerc\u00edcio de suas atividades profissionais para trazer ao mercado editorial uma obra abrangente e atualizada.<\/p>\n<p>[\/vc_column_text][\/vc_column][\/vc_row][vc_row][vc_column][vc_separator css=&#8221;.vc_custom_1700587405822{margin-top: 0px !important;margin-bottom: 0px !important;border-top-width: 0px !important;border-bottom-width: 0px !important;padding-top: 20px !important;padding-bottom: 20px !important;}&#8221;][\/vc_column][\/vc_row][vc_row][vc_column][vc_column_text]<\/p>\n<h2>Summa da Posse. Direito, A\u00e7\u00e3o, Legisla\u00e7\u00e3o<\/h2>\n<p><img loading=\"lazy\" class=\"size-full wp-image-237 alignleft\" src=\"https:\/\/puglieseadvogados.com.br\/site\/wp-content\/uploads\/2018\/05\/suma-da-posse-I-200.jpg\" alt=\"\" width=\"200\" height=\"298\" \/><\/p>\n<p><img loading=\"lazy\" class=\"size-full wp-image-238 alignleft\" src=\"https:\/\/puglieseadvogados.com.br\/site\/wp-content\/uploads\/2018\/05\/suma-da-posse-200.jpg\" alt=\"\" width=\"200\" height=\"296\" \/><\/p>\n<p style=\"text-align: justify;\">A obra, em dois volumes, serviu de fundamento para ajustar o Direito das Coisas\u00a0 posteriormente escrito. S\u00e3o dois volumes que abrangem diversas \u00e1reas voltadas para a posse, propriedade e afins.<\/p>\n<p style=\"text-align: justify;\">S\u00e3o dois livros que, mesmo tendo passado muito tempo de sua publica\u00e7\u00e3o, ainda permanecem prontos para transmitir o conhecimento daqueles que se envolvem nesse segmento jur\u00eddico.<\/p>\n<p>[\/vc_column_text][\/vc_column][\/vc_row][vc_row][vc_column][vc_separator css=&#8221;.vc_custom_1700587405822{margin-top: 0px !important;margin-bottom: 0px !important;border-top-width: 0px !important;border-bottom-width: 0px !important;padding-top: 20px !important;padding-bottom: 20px !important;}&#8221;][\/vc_column][\/vc_row][vc_row][vc_column][vc_column_text]<\/p>\n<h2>Direito das Coisas<\/h2>\n<p><img loading=\"lazy\" class=\"size-full wp-image-234 alignleft\" src=\"https:\/\/puglieseadvogados.com.br\/site\/wp-content\/uploads\/2018\/05\/direito-das-coisas-200.jpg\" alt=\"\" width=\"200\" height=\"268\" \/><\/p>\n<p style=\"text-align: justify;\">Direito das Coisas foi elaborado com base nas aulas ministradas pelo autor. Durante v\u00e1rios anos, professor Roberto lecionou esse segmento jur\u00eddico, bem como outros afins, e suas pesquisas e estudos, bem assim a conviv\u00eancia no meio acad\u00eamico propiciou a elabora\u00e7\u00e3o de obra de peso. S\u00e3o mais de 50 aulas e mais de mil p\u00e1ginas voltadas para todos os institutos jur\u00eddicos classificados como direito das coisas.<\/p>\n<p style=\"text-align: justify;\">\u00c9 uma obra bem abrangente, com referencias ao moderno direito de propriedade brasileiro, lembrando de conflitos possess\u00f3rios, de institutos tradicionais e outros mais recentes e voltadas para li\u00e7\u00f5es de registros p\u00fablicos, notas e segmentos pr\u00f3ximos de institutos mais consolidados.<\/p>\n<p style=\"text-align: justify;\">Um trabalho exaustivo elaborado \u00e0 luz da Constitui\u00e7\u00e3o Federal e valendo-se de institutos jur\u00eddicos emprestados de outros ramos do direito, como o direito administrativo, processual civil, comercial etc.<\/p>\n<p style=\"text-align: justify;\">\u00c9 obra did\u00e1tica que merece ser indicada e adotada pelas academias de direito, como tem sido nos \u00faltimos anos.<\/p>\n<p>[\/vc_column_text][\/vc_column][\/vc_row][vc_row][vc_column][vc_separator css=&#8221;.vc_custom_1700587405822{margin-top: 0px !important;margin-bottom: 0px !important;border-top-width: 0px !important;border-bottom-width: 0px !important;padding-top: 20px !important;padding-bottom: 20px !important;}&#8221;][\/vc_column][\/vc_row][vc_row][vc_column][vc_column_text]<\/p>\n<h2>Curso de Direito Judici\u00e1rio<\/h2>\n<p><img loading=\"lazy\" class=\"alignleft wp-image-1091 size-full\" src=\"https:\/\/puglieseadvogados.com.br\/site\/wp-content\/uploads\/2023\/11\/curso-de-direito-judiciaU0301rio-200.jpg\" alt=\"\" width=\"200\" height=\"268\" \/><\/p>\n<p style=\"text-align: justify;\">Livro jur\u00eddico de estudos de organiza\u00e7\u00e3o judici\u00e1ria, prefaciado pelo ent\u00e3o Desembargador do Tribunal de Justi\u00e7a do Estado de S\u00e3o Paulo e agora Ministro Aposentado do Supremo Tribunal Federal, Antonio Cesar Peluzo, foi editado pela Editora Forense em 1987.<\/p>\n<p style=\"text-align: justify;\">Bastante did\u00e1tico disp\u00f5e sobre os diversos \u00f3rg\u00e3os judiciais e extrajudiciais do pa\u00eds, demonstrando em li\u00e7\u00f5es breves e objetivas s\u00edntese das atribui\u00e7\u00f5es, compet\u00eancias e jurisdi\u00e7\u00f5es dos diversos \u00f3rg\u00e3os judici\u00e1rios existente.<\/p>\n<p style=\"text-align: justify;\">\u00c9 um curso did\u00e1tico da organiza\u00e7\u00e3o judici\u00e1ria brasileira.<\/p>\n<p style=\"text-align: justify;\">\u00c0 \u00e9poca da edi\u00e7\u00e3o n\u00e3o fora ainda criada o Conselho Nacional de Justi\u00e7a.<\/p>\n<p>[\/vc_column_text][\/vc_column][\/vc_row]<\/p>\n<\/section>","protected":false},"excerpt":{"rendered":"<div class=\"slide-text-bg2\"><span> Revista dos Tribunais &#8211; Volume 713 No Volume 713 da tradicional Revista dos Tribunais, Roberto J. Pugliese publicou \u201c A Constitui\u00e7\u00e3o, a advocaci<\/span><\/div>\n<div class=\"slide-btn-area-sm\"><a href=\"https:\/\/puglieseadvogados.com.br\/site\/livros-juridicos\/\" class=\"slide-btn-sm\">Ler mais<\/a><\/div>\n","protected":false},"author":1,"featured_media":0,"parent":0,"menu_order":0,"comment_status":"closed","ping_status":"closed","template":"","meta":[],"_links":{"self":[{"href":"https:\/\/puglieseadvogados.com.br\/site\/wp-json\/wp\/v2\/pages\/531"}],"collection":[{"href":"https:\/\/puglieseadvogados.com.br\/site\/wp-json\/wp\/v2\/pages"}],"about":[{"href":"https:\/\/puglieseadvogados.com.br\/site\/wp-json\/wp\/v2\/types\/page"}],"author":[{"embeddable":true,"href":"https:\/\/puglieseadvogados.com.br\/site\/wp-json\/wp\/v2\/users\/1"}],"replies":[{"embeddable":true,"href":"https:\/\/puglieseadvogados.com.br\/site\/wp-json\/wp\/v2\/comments?post=531"}],"version-history":[{"count":24,"href":"https:\/\/puglieseadvogados.com.br\/site\/wp-json\/wp\/v2\/pages\/531\/revisions"}],"predecessor-version":[{"id":1103,"href":"https:\/\/puglieseadvogados.com.br\/site\/wp-json\/wp\/v2\/pages\/531\/revisions\/1103"}],"wp:attachment":[{"href":"https:\/\/puglieseadvogados.com.br\/site\/wp-json\/wp\/v2\/media?parent=531"}],"curies":[{"name":"wp","href":"https:\/\/api.w.org\/{rel}","templated":true}]}}